{"id":441,"date":"2016-11-28T22:20:09","date_gmt":"2016-11-28T21:20:09","guid":{"rendered":"http:\/\/www.oberpfalz-radsport.de\/?page_id=441"},"modified":"2016-11-28T22:20:09","modified_gmt":"2016-11-28T21:20:09","slug":"schiedsrichter-im-bezirk","status":"publish","type":"page","link":"https:\/\/www.oberpfalz-radsport.de\/?page_id=441","title":{"rendered":"Schiedsrichter im Bezirk"},"content":{"rendered":"<p><span style=\"text-decoration: underline;\">Eine \u00dcbersicht unserer Schiedsrichter im Bezirk<\/span><\/p>\n<table width=\"80%\" border=\"0\">\n<tbody>\n<tr>\n<td>Ernst Ehl<\/td>\n<td>92702 Kohlberg<\/td>\n<td>ehl.ernst@gmail.com<\/td>\n<\/tr>\n<tr>\n<td>Andreas Michalski<\/td>\n<td>93158 Teublitz<\/td>\n<td>andreas.michalski@t-online.de<\/td>\n<\/tr>\n<tr>\n<td>Paul Renger<\/td>\n<td>93051 Regensburg<\/td>\n<td>paul.renger@gmx.de<\/td>\n<\/tr>\n<tr>\n<td>Stephan Steiner<\/td>\n<td>92665 Altenstadt<\/td>\n<td>stephan-steiner@gmx.de<\/td>\n<\/tr>\n<tr>\n<td>Rainer V\u00f6lkl<\/td>\n<td>92637 Weiden<\/td>\n<td>rv@vccorona-weiden.de<\/td>\n<\/tr>\n<tr>\n<td>Adelheid Sch\u00fctz<\/td>\n<td>95447 Bayreuth<\/td>\n<td>adelheid.schuetz@web.de<\/td>\n<\/tr>\n<tr>\n<td>Albert Bl\u00fcmel<\/td>\n<td>93047 Regensburg<\/td>\n<td>mail@albertbluemel.com<\/td>\n<\/tr>\n<tr>\n<td>Heinz Uhl<\/td>\n<td>92670 Windischeschenbach<\/td>\n<td>heinz.uhl@t-online.de<\/td>\n<\/tr>\n<\/tbody>\n<\/table>\n","protected":false},"excerpt":{"rendered":"<p>Eine \u00dcbersicht unserer Schiedsrichter im Bezirk Ernst Ehl 92702 Kohlberg ehl.ernst@gmail.com Andreas Michalski 93158 Teublitz andreas.michalski@t-online.de Paul Renger 93051 Regensburg paul.renger@gmx.de Stephan Steiner 92665 Altenstadt stephan-steiner@gmx.de Rainer V\u00f6lkl 92637 Weiden rv@vccorona-weiden.de Adelheid Sch\u00fctz 95447 Bayreuth adelheid.schuetz@web.de Albert Bl\u00fcmel 93047 Regensburg mail@albertbluemel.com Heinz Uhl 92670 Windischeschenbach heinz.uhl@t-online.de<\/p>\n","protected":false},"author":1,"featured_media":0,"parent":0,"menu_order":0,"comment_status":"closed","ping_status":"closed","template":"","meta":{"ngg_post_thumbnail":0,"footnotes":""},"class_list":["post-441","page","type-page","status-publish","czr-hentry"],"_links":{"self":[{"href":"https:\/\/www.oberpfalz-radsport.de\/index.php?rest_route=\/wp\/v2\/pages\/441","targetHints":{"allow":["GET"]}}],"collection":[{"href":"https:\/\/www.oberpfalz-radsport.de\/index.php?rest_route=\/wp\/v2\/pages"}],"about":[{"href":"https:\/\/www.oberpfalz-radsport.de\/index.php?rest_route=\/wp\/v2\/types\/page"}],"author":[{"embeddable":true,"href":"https:\/\/www.oberpfalz-radsport.de\/index.php?rest_route=\/wp\/v2\/users\/1"}],"replies":[{"embeddable":true,"href":"https:\/\/www.oberpfalz-radsport.de\/index.php?rest_route=%2Fwp%2Fv2%2Fcomments&post=441"}],"version-history":[{"count":1,"href":"https:\/\/www.oberpfalz-radsport.de\/index.php?rest_route=\/wp\/v2\/pages\/441\/revisions"}],"predecessor-version":[{"id":442,"href":"https:\/\/www.oberpfalz-radsport.de\/index.php?rest_route=\/wp\/v2\/pages\/441\/revisions\/442"}],"wp:attachment":[{"href":"https:\/\/www.oberpfalz-radsport.de\/index.php?rest_route=%2Fwp%2Fv2%2Fmedia&parent=441"}],"curies":[{"name":"wp","href":"https:\/\/api.w.org\/{rel}","templated":true}]}}